{"id":325,"date":"2024-07-17T14:42:57","date_gmt":"2024-07-17T14:42:57","guid":{"rendered":"https:\/\/peainformatica.com.br\/inicio\/?post_type=product&#038;p=325"},"modified":"2024-07-17T14:42:58","modified_gmt":"2024-07-17T14:42:58","slug":"notebook-dell-inspiron-i15-i120k-a20p-15-6-full-hd-12a-geracao-intel-core-i5-8gb-256gb-ssd-windows-11-preto","status":"publish","type":"product","link":"https:\/\/www.peainformatica.com.br\/inicio\/produto\/notebook-dell-inspiron-i15-i120k-a20p-15-6-full-hd-12a-geracao-intel-core-i5-8gb-256gb-ssd-windows-11-preto\/","title":{"rendered":"Notebook Dell Inspiron I15-I120K-A20P 15.6&#8243; Full HD 12\u00aa Gera\u00e7\u00e3o Intel Core i5 8GB 256GB SSD Windows 11 Preto"},"content":{"rendered":"<div class=\"a-row\">\n<div class=\"a-column a-span6\">\n<h2 class=\"a-size-medium a-spacing-small\">Detalhes t\u00e9cnicos<\/h2>\n<\/div>\n<\/div>\n<div class=\"a-expander-content a-expander-extend-content\" data-expanded=\"true\">\n<div class=\"a-row a-expander-container a-expander-inline-container\">\n<div class=\"a-expander-content a-expander-section-content a-section-expander-inner\" data-expanded=\"true\">\n<table id=\"productDetails_techSpec_section_1\" class=\"a-keyvalue prodDetTable\" role=\"presentation\">\n<tbody>\n<tr>\n<th class=\"a-color-secondary a-size-base prodDetSectionEntry\">Marca<\/th>\n<td class=\"a-size-base prodDetAttrValue\">\u200eDell<\/td>\n<\/tr>\n<tr>\n<th class=\"a-color-secondary a-size-base prodDetSectionEntry\">Fabricante<\/th>\n<td class=\"a-size-base prodDetAttrValue\">\u200eDell<\/td>\n<\/tr>\n<tr>\n<th class=\"a-color-secondary a-size-base prodDetSectionEntry\">S\u00e9rie<\/th>\n<td class=\"a-size-base prodDetAttrValue\">\u200eInspiron 15<\/td>\n<\/tr>\n<tr>\n<th class=\"a-color-secondary a-size-base prodDetSectionEntry\">Certifica\u00e7\u00e3o<\/th>\n<td class=\"a-size-base prodDetAttrValue\">\u200eN\u00e3o aplic\u00e1vel<\/td>\n<\/tr>\n<tr>\n<th class=\"a-color-secondary a-size-base prodDetSectionEntry\">Cor<\/th>\n<td class=\"a-size-base prodDetAttrValue\">\u200epreto<\/td>\n<\/tr>\n<tr>\n<th class=\"a-color-secondary a-size-base prodDetSectionEntry\">Tamanho de tela vertical<\/th>\n<td class=\"a-size-base prodDetAttrValue\">\u200e15,6 Polegadas<\/td>\n<\/tr>\n<tr>\n<th class=\"a-color-secondary a-size-base prodDetSectionEntry\">Resolu\u00e7\u00e3o da tela<\/th>\n<td class=\"a-size-base prodDetAttrValue\">\u200e1920 x 1080 pixels<\/td>\n<\/tr>\n<tr>\n<th class=\"a-color-secondary a-size-base prodDetSectionEntry\">Resolu\u00e7\u00e3o<\/th>\n<td class=\"a-size-base prodDetAttrValue\">\u200e1920 x 1080<\/td>\n<\/tr>\n<tr>\n<th class=\"a-color-secondary a-size-base prodDetSectionEntry\">Marca do processador<\/th>\n<td class=\"a-size-base prodDetAttrValue\">\u200eIntel<\/td>\n<\/tr>\n<tr>\n<th class=\"a-color-secondary a-size-base prodDetSectionEntry\">Tipo de processador<\/th>\n<td class=\"a-size-base prodDetAttrValue\">\u200eIntel Core i5<\/td>\n<\/tr>\n<tr>\n<th class=\"a-color-secondary a-size-base prodDetSectionEntry\">Velocidade do processador<\/th>\n<td class=\"a-size-base prodDetAttrValue\">\u200e4.4<\/td>\n<\/tr>\n<tr>\n<th class=\"a-color-secondary a-size-base prodDetSectionEntry\">N\u00famero de processadores<\/th>\n<td class=\"a-size-base prodDetAttrValue\">\u200e1<\/td>\n<\/tr>\n<tr>\n<th class=\"a-color-secondary a-size-base prodDetSectionEntry\">Tamanho da mem\u00f3ria<\/th>\n<td class=\"a-size-base prodDetAttrValue\">\u200e8 GB<\/td>\n<\/tr>\n<tr>\n<th class=\"a-color-secondary a-size-base prodDetSectionEntry\">Tecnologia da mem\u00f3ria<\/th>\n<td class=\"a-size-base prodDetAttrValue\">\u200eDDR4<\/td>\n<\/tr>\n<tr>\n<th class=\"a-color-secondary a-size-base prodDetSectionEntry\">M\u00e1ximo de mem\u00f3ria compat\u00edvel<\/th>\n<td class=\"a-size-base prodDetAttrValue\">\u200e16 GB<\/td>\n<\/tr>\n<tr>\n<th class=\"a-color-secondary a-size-base prodDetSectionEntry\">Velocidade do rel\u00f3gio de mem\u00f3ria<\/th>\n<td class=\"a-size-base prodDetAttrValue\">\u200e2666 MHz<\/td>\n<\/tr>\n<tr>\n<th class=\"a-color-secondary a-size-base prodDetSectionEntry\">Tecnologia do HD<\/th>\n<td class=\"a-size-base prodDetAttrValue\">\u200eSSD<\/td>\n<\/tr>\n<tr>\n<th class=\"a-color-secondary a-size-base prodDetSectionEntry\">Interface do HD<\/th>\n<td class=\"a-size-base prodDetAttrValue\">\u200eSolid State<\/td>\n<\/tr>\n<tr>\n<th class=\"a-color-secondary a-size-base prodDetSectionEntry\">Detalhes do \u00e1udio<\/th>\n<td class=\"a-size-base prodDetAttrValue\">\u200eAlto-falantes<\/td>\n<\/tr>\n<tr>\n<th class=\"a-color-secondary a-size-base prodDetSectionEntry\">Marca do chipset de v\u00eddeo<\/th>\n<td class=\"a-size-base prodDetAttrValue\">\u200eIntel<\/td>\n<\/tr>\n<tr>\n<th class=\"a-color-secondary a-size-base prodDetSectionEntry\">Descri\u00e7\u00e3o da placa de v\u00eddeo<\/th>\n<td class=\"a-size-base prodDetAttrValue\">\u200eIntegrado<\/td>\n<\/tr>\n<tr>\n<th class=\"a-color-secondary a-size-base prodDetSectionEntry\">Tipo de mem\u00f3ria de v\u00eddeo<\/th>\n<td class=\"a-size-base prodDetAttrValue\">\u200eShared<\/td>\n<\/tr>\n<tr>\n<th class=\"a-color-secondary a-size-base prodDetSectionEntry\">Interface da placa de v\u00eddeo<\/th>\n<td class=\"a-size-base prodDetAttrValue\">\u200eIntegrado<\/td>\n<\/tr>\n<tr>\n<th class=\"a-color-secondary a-size-base prodDetSectionEntry\">Tecnologia de conex\u00e3o<\/th>\n<td class=\"a-size-base prodDetAttrValue\">\u200eUSB<\/td>\n<\/tr>\n<tr>\n<th class=\"a-color-secondary a-size-base prodDetSectionEntry\">N\u00famero de portas USB 2.0<\/th>\n<td class=\"a-size-base prodDetAttrValue\">\u200e1<\/td>\n<\/tr>\n<tr>\n<th class=\"a-color-secondary a-size-base prodDetSectionEntry\">Etiqueta Nacional de Efici\u00eancia Energ\u00e9tica (ENCE)<\/th>\n<td class=\"a-size-base prodDetAttrValue\">\u200e100<\/td>\n<\/tr>\n<tr>\n<th class=\"a-color-secondary a-size-base prodDetSectionEntry\">Pot\u00eancia em watts<\/th>\n<td class=\"a-size-base prodDetAttrValue\">\u200e41 watts<\/td>\n<\/tr>\n<tr>\n<th class=\"a-color-secondary a-size-base prodDetSectionEntry\">Dispositivo de armazenamento \u00f3ptico<\/th>\n<td class=\"a-size-base prodDetAttrValue\">\u200eN\u00e3o aplic\u00e1vel<\/td>\n<\/tr>\n<tr>\n<th class=\"a-color-secondary a-size-base prodDetSectionEntry\">Fonte de alimenta\u00e7\u00e3o<\/th>\n<td class=\"a-size-base prodDetAttrValue\">\u200eAC<\/td>\n<\/tr>\n<tr>\n<th class=\"a-color-secondary a-size-base prodDetSectionEntry\">Sistema operacional<\/th>\n<td class=\"a-size-base prodDetAttrValue\">\u200eWindows 11<\/td>\n<\/tr>\n<tr>\n<th class=\"a-color-secondary a-size-base prodDetSectionEntry\">Pilhas ou baterias inclusas<\/th>\n<td class=\"a-size-base prodDetAttrValue\">\u200eSim<\/td>\n<\/tr>\n<tr>\n<th class=\"a-color-secondary a-size-base prodDetSectionEntry\">Conte\u00fado de energia da bateria de l\u00edtio<\/th>\n<td class=\"a-size-base prodDetAttrValue\">\u200e41 Watt-hora<\/td>\n<\/tr>\n<tr>\n<th class=\"a-color-secondary a-size-base prodDetSectionEntry\">Pacote da bateria de l\u00edtio<\/th>\n<td class=\"a-size-base prodDetAttrValue\">\u200ePilhas contidas no equipamento<\/td>\n<\/tr>\n<tr>\n<th class=\"a-color-secondary a-size-base prodDetSectionEntry\">N\u00famero de c\u00e9lulas ou pilhas de \u00edon de l\u00edtio<\/th>\n<td class=\"a-size-base prodDetAttrValue\">\u200e3<\/td>\n<\/tr>\n<tr>\n<th class=\"a-color-secondary a-size-base prodDetSectionEntry\">N\u00famero de unidades<\/th>\n<td class=\"a-size-base prodDetAttrValue\">\u200e1<\/td>\n<\/tr>\n<tr>\n<th class=\"a-color-secondary a-size-base prodDetSectionEntry\">Peso do produto<\/th>\n<td class=\"a-size-base prodDetAttrValue\">\u200e1,65 Kilograms<\/td>\n<\/tr>\n<tr>\n<th class=\"a-color-secondary a-size-base prodDetSectionEntry\">Dimens\u00f5es da embalagem<\/th>\n<td class=\"a-size-base prodDetAttrValue\">\u200e48,1 x 38,5 x 10,1 cm; 1,65 quilogramas<\/td>\n<\/tr>\n<tr>\n<th class=\"a-color-secondary a-size-base prodDetSectionEntry\">Pilha(s) ou bateria(s):<\/th>\n<td class=\"a-size-base prodDetAttrValue\">\u200e1 \u00cdon de l\u00edtio baterias necess\u00e1rias. (inclusas)<\/td>\n<\/tr>\n<tr>\n<th class=\"a-color-secondary a-size-base prodDetSectionEntry\">N\u00famero do modelo<\/th>\n<td class=\"a-size-base prodDetAttrValue\">\u200eI15-I120K-A20P<\/td>\n<\/tr>\n<tr>\n<th class=\"a-color-secondary a-size-base prodDetSectionEntry\">Funciona a bateria ou pilha?<\/th>\n<td class=\"a-size-base prodDetAttrValue\">\u200eSim<\/td>\n<\/tr>\n<tr>\n<th class=\"a-color-secondary a-size-base prodDetSectionEntry\">EAN<\/th>\n<td class=\"a-size-base prodDetAttrValue\">\u200e7899864948701<\/td>\n<\/tr>\n<\/tbody>\n<\/table>\n<\/div>\n<\/div>\n<\/div>\n","protected":false},"excerpt":{"rendered":"<h2 class=\"a-size-base-plus a-text-bold\">Sobre este item<\/h2>\n<ul class=\"a-unordered-list a-vertical a-spacing-mini\">\n<li class=\"a-spacing-mini\"><span class=\"a-list-item\">12\u00aa gera\u00e7\u00e3o Intel Core i5-1235U (10-core, cache de 12MB, at\u00e9 4.4GHz)<\/span><\/li>\n<li class=\"a-spacing-mini\"><span class=\"a-list-item\">SSD de 256GB PCIe NVMe M.2<\/span><\/li>\n<li class=\"a-spacing-mini\"><span class=\"a-list-item\">Mem\u00f3ria de 8GB DDR4 (1x8GB) 2666MHz; Expans\u00edvel at\u00e9 16GB (2 slots soDIMM)<\/span><\/li>\n<li class=\"a-spacing-mini\"><span class=\"a-list-item\">Intel UHD com mem\u00f3ria gr\u00e1fica compartilhada<\/span><\/li>\n<li class=\"a-spacing-mini\"><span class=\"a-list-item\">Tela Full HD de 15.6&#8243; (1920 x 1080) WVA<\/span><\/li>\n<\/ul>\n<table class=\"a-normal a-spacing-micro\">\n<tbody>\n<tr class=\"a-spacing-small po-brand\">\n<td class=\"a-span3\"><span class=\"a-size-base a-text-bold\">Marca<\/span><\/td>\n<td class=\"a-span9\"><span class=\"a-size-base po-break-word\">Dell<\/span><\/td>\n<\/tr>\n<tr class=\"a-spacing-small po-model_name\">\n<td class=\"a-span3\"><span class=\"a-size-base a-text-bold\">Nome do modelo<\/span><\/td>\n<td class=\"a-span9\"><span class=\"a-size-base po-break-word\">Inspiron 15<\/span><\/td>\n<\/tr>\n<tr class=\"a-spacing-small po-display.size\">\n<td class=\"a-span3\"><span class=\"a-size-base a-text-bold\">Tamanho da tela<\/span><\/td>\n<td class=\"a-span9\"><span class=\"a-size-base po-break-word\">15,6 Polegadas<\/span><\/td>\n<\/tr>\n<tr class=\"a-spacing-small po-color\">\n<td class=\"a-span3\"><span class=\"a-size-base a-text-bold\">Cor<\/span><\/td>\n<td class=\"a-span9\"><span class=\"a-size-base po-break-word\">preto<\/span><\/td>\n<\/tr>\n<tr class=\"a-spacing-small po-cpu_model.family\">\n<td class=\"a-span3\"><span class=\"a-size-base a-text-bold\">Modelo da CPU<\/span><\/td>\n<td class=\"a-span9\"><span class=\"a-size-base po-break-word\">Intel Core i5<\/span><\/td>\n<\/tr>\n<tr class=\"a-spacing-small po-ram_memory.installed_size\">\n<td class=\"a-span3\"><span class=\"a-size-base a-text-bold\">Tamanho instalado da mem\u00f3ria RAM<\/span><\/td>\n<td class=\"a-span9\"><span class=\"a-size-base po-break-word\">8 GB<\/span><\/td>\n<\/tr>\n<tr class=\"a-spacing-small po-operating_system\">\n<td class=\"a-span3\"><span class=\"a-size-base a-text-bold\">Sistema operacional<\/span><\/td>\n<td class=\"a-span9\"><span class=\"a-size-base po-break-word\">Windows 11<\/span><\/td>\n<\/tr>\n<tr class=\"a-spacing-small po-special_feature\">\n<td class=\"a-span3\"><span class=\"a-size-base a-text-bold\">Caracter\u00edsticas especiais<\/span><\/td>\n<td class=\"a-span9\"><span class=\"a-size-base po-break-word\">Teclado Num\u00e9rico<\/span><\/td>\n<\/tr>\n<tr class=\"a-spacing-small po-graphics_description\">\n<td class=\"a-span3\"><span class=\"a-size-base a-text-bold\">Descri\u00e7\u00e3o da placa de v\u00eddeo<\/span><\/td>\n<td class=\"a-span9\"><span class=\"a-size-base po-break-word\">Integrado<\/span><\/td>\n<\/tr>\n<tr class=\"a-spacing-small po-cpu_model.speed\">\n<td class=\"a-span3\"><span class=\"a-size-base a-text-bold\">Velocidade da CPU<\/span><\/td>\n<td class=\"a-span9\"><span class=\"a-size-base po-break-word\">4.4<\/span><\/td>\n<\/tr>\n<\/tbody>\n<\/table>\n","protected":false},"featured_media":323,"comment_status":"open","ping_status":"closed","template":"","meta":[],"product_brand":[],"product_cat":[24],"product_tag":[34,33],"class_list":{"0":"post-325","1":"product","2":"type-product","3":"status-publish","4":"has-post-thumbnail","6":"product_cat-notebook","7":"product_tag-dell","8":"product_tag-notebook","10":"first","11":"instock","12":"shipping-taxable","13":"product-type-external"},"_links":{"self":[{"href":"https:\/\/www.peainformatica.com.br\/inicio\/wp-json\/wp\/v2\/product\/325","targetHints":{"allow":["GET"]}}],"collection":[{"href":"https:\/\/www.peainformatica.com.br\/inicio\/wp-json\/wp\/v2\/product"}],"about":[{"href":"https:\/\/www.peainformatica.com.br\/inicio\/wp-json\/wp\/v2\/types\/product"}],"replies":[{"embeddable":true,"href":"https:\/\/www.peainformatica.com.br\/inicio\/wp-json\/wp\/v2\/comments?post=325"}],"wp:featuredmedia":[{"embeddable":true,"href":"https:\/\/www.peainformatica.com.br\/inicio\/wp-json\/wp\/v2\/media\/323"}],"wp:attachment":[{"href":"https:\/\/www.peainformatica.com.br\/inicio\/wp-json\/wp\/v2\/media?parent=325"}],"wp:term":[{"taxonomy":"product_brand","embeddable":true,"href":"https:\/\/www.peainformatica.com.br\/inicio\/wp-json\/wp\/v2\/product_brand?post=325"},{"taxonomy":"product_cat","embeddable":true,"href":"https:\/\/www.peainformatica.com.br\/inicio\/wp-json\/wp\/v2\/product_cat?post=325"},{"taxonomy":"product_tag","embeddable":true,"href":"https:\/\/www.peainformatica.com.br\/inicio\/wp-json\/wp\/v2\/product_tag?post=325"}],"curies":[{"name":"wp","href":"https:\/\/api.w.org\/{rel}","templated":true}]}}